{"id":37845,"date":"2026-02-20T08:22:45","date_gmt":"2026-02-20T08:22:45","guid":{"rendered":"https:\/\/adidascombat.md\/product\/%d0%b7%d0%b0%d1%89%d0%b8%d1%82%d0%b0-%d0%b4%d0%bb%d1%8f-%d1%80%d1%83%d0%ba-%d0%b2-%d1%81%d1%82%d0%b8%d0%bb%d0%b5-%d0%b4%d0%b7%d1%8e-%d0%b4%d0%b6%d0%b8%d1%82%d1%81%d1%83-%d0%ba%d1%80%d0%b0%d1%81%d0%bd\/"},"modified":"2026-02-20T08:25:49","modified_gmt":"2026-02-20T08:25:49","slug":"%d0%b7%d0%b0%d1%89%d0%b8%d1%82%d0%b0-%d0%b4%d0%bb%d1%8f-%d1%80%d1%83%d0%ba-%d0%b2-%d1%81%d1%82%d0%b8%d0%bb%d0%b5-%d0%b4%d0%b7%d1%8e-%d0%b4%d0%b6%d0%b8%d1%82%d1%81%d1%83-%d0%ba%d1%80%d0%b0%d1%81%d0%bd","status":"publish","type":"product","link":"https:\/\/adidascombat.md\/ro\/Produs\/%d0%b7%d0%b0%d1%89%d0%b8%d1%82%d0%b0-%d0%b4%d0%bb%d1%8f-%d1%80%d1%83%d0%ba-%d0%b2-%d1%81%d1%82%d0%b8%d0%bb%d0%b5-%d0%b4%d0%b7%d1%8e-%d0%b4%d0%b6%d0%b8%d1%82%d1%81%d1%83-%d0%ba%d1%80%d0%b0%d1%81%d0%bd\/","title":{"rendered":"Ap\u0103r\u0103tori de m\u00e2n\u0103 \u00een stil Ju-jitsu, ro\u0219ii"},"content":{"rendered":"<p>Protec\u021bie de \u00eenalt\u0103 calitate pentru m\u00e2ini, ideal\u0103 pentru competi\u021bii! Construc\u021bie durabil\u0103 cu \u00eenchidere cu velcro la \u00eencheietura m\u00e2inii, c\u0103ptu\u0219eal\u0103 din piele \u00eentoars\u0103, exterior din piele ecologic\u0103 \u0219i materiale selectate optim pentru performan\u021b\u0103 maxim\u0103 \u00een competi\u021bii. Aprobat de JJIF (Federa\u021bia Interna\u021bional\u0103 de Jiu-Jitsu) \u0219i aprobat pentru toate competi\u021biile.<\/p>\n<p>Caracteristici:<\/p>\n<ul>\n<li>Protec\u021bie pentru m\u00e2ini pentru competi\u021bii de Jiu-Jitsu<\/li>\n<li>Pielea ecologic\u0103 durabil\u0103 rezist\u0103 la impacturi puternice<\/li>\n<li>Suport excelent pentru \u00eencheietura m\u00e2inii datorit\u0103 benzii elastice cu \u00eenchidere cu velcro, oferind stabilitatea necesar\u0103.<\/li>\n<\/ul>\n","protected":false},"excerpt":{"rendered":"<p>Protec\u021bie de \u00eenalt\u0103 calitate pentru m\u00e2ini, ideal\u0103 pentru competi\u021bii! Construc\u021bie durabil\u0103 cu \u00eenchidere cu velcro la \u00eencheietura m\u00e2inii, c\u0103ptu\u0219eal\u0103 din<\/p>\n","protected":false},"featured_media":37842,"comment_status":"open","ping_status":"closed","template":"","meta":[],"product_brand":[],"product_cat":[801,804],"product_tag":[],"class_list":{"0":"post-37845","1":"product","2":"type-product","3":"status-publish","4":"has-post-thumbnail","6":"product_cat-adidas-ju-jutsu","7":"product_cat-echipament-protectie-7","9":"first","10":"instock","11":"shipping-taxable","12":"purchasable","13":"product-type-variable"},"_links":{"self":[{"href":"https:\/\/adidascombat.md\/ro\/wp-json\/wp\/v2\/product\/37845","targetHints":{"allow":["GET"]}}],"collection":[{"href":"https:\/\/adidascombat.md\/ro\/wp-json\/wp\/v2\/product"}],"about":[{"href":"https:\/\/adidascombat.md\/ro\/wp-json\/wp\/v2\/types\/product"}],"replies":[{"embeddable":true,"href":"https:\/\/adidascombat.md\/ro\/wp-json\/wp\/v2\/comments?post=37845"}],"version-history":[{"count":2,"href":"https:\/\/adidascombat.md\/ro\/wp-json\/wp\/v2\/product\/37845\/revisions"}],"predecessor-version":[{"id":37852,"href":"https:\/\/adidascombat.md\/ro\/wp-json\/wp\/v2\/product\/37845\/revisions\/37852"}],"wp:featuredmedia":[{"embeddable":true,"href":"https:\/\/adidascombat.md\/ro\/wp-json\/wp\/v2\/media\/37842"}],"wp:attachment":[{"href":"https:\/\/adidascombat.md\/ro\/wp-json\/wp\/v2\/media?parent=37845"}],"wp:term":[{"taxonomy":"product_brand","embeddable":true,"href":"https:\/\/adidascombat.md\/ro\/wp-json\/wp\/v2\/product_brand?post=37845"},{"taxonomy":"product_cat","embeddable":true,"href":"https:\/\/adidascombat.md\/ro\/wp-json\/wp\/v2\/product_cat?post=37845"},{"taxonomy":"product_tag","embeddable":true,"href":"https:\/\/adidascombat.md\/ro\/wp-json\/wp\/v2\/product_tag?post=37845"}],"curies":[{"name":"wp","href":"https:\/\/api.w.org\/{rel}","templated":true}]}}