{"id":37892,"date":"2026-02-20T08:59:46","date_gmt":"2026-02-20T08:59:46","guid":{"rendered":"https:\/\/adidascombat.md\/product\/%d0%b7%d0%b0%d1%89%d0%b8%d1%82%d0%b0-%d1%80%d1%83%d0%ba-%d0%b4%d0%bb%d1%8f-%d1%81%d0%be%d1%80%d0%b5%d0%b2%d0%bd%d0%be%d0%b2%d0%b0%d0%bd%d0%b8%d0%b9-%d0%bf%d0%be-%d0%b4%d0%b7%d1%8e-%d0%b4%d0%b6%d0%b8\/"},"modified":"2026-02-20T09:06:10","modified_gmt":"2026-02-20T09:06:10","slug":"%d0%b7%d0%b0%d1%89%d0%b8%d1%82%d0%b0-%d1%80%d1%83%d0%ba-%d0%b4%d0%bb%d1%8f-%d1%81%d0%be%d1%80%d0%b5%d0%b2%d0%bd%d0%be%d0%b2%d0%b0%d0%bd%d0%b8%d0%b9-%d0%bf%d0%be-%d0%b4%d0%b7%d1%8e-%d0%b4%d0%b6%d0%b8","status":"publish","type":"product","link":"https:\/\/adidascombat.md\/ro\/Produs\/%d0%b7%d0%b0%d1%89%d0%b8%d1%82%d0%b0-%d1%80%d1%83%d0%ba-%d0%b4%d0%bb%d1%8f-%d1%81%d0%be%d1%80%d0%b5%d0%b2%d0%bd%d0%be%d0%b2%d0%b0%d0%bd%d0%b8%d0%b9-%d0%bf%d0%be-%d0%b4%d0%b7%d1%8e-%d0%b4%d0%b6%d0%b8\/","title":{"rendered":"Protec\u021bie pentru m\u00e2ini pentru competi\u021biile de jiu-jitsu"},"content":{"rendered":"<p>Ap\u0103r\u0103tori de m\u00e2n\u0103 de \u00eenalt\u0103 calitate, ideale pentru competi\u021bii! Construc\u021bie durabil\u0103, curea elastic\u0103 pentru \u00eencheietura m\u00e2inii (f\u0103r\u0103 \u00eenchidere cu velcro), c\u0103ptu\u0219eal\u0103 din piele \u00eentoars\u0103, strat exterior inovator din poliuretan tehnic \u0219i materiale selectate optim pentru performan\u021b\u0103 maxim\u0103 \u00een competi\u021bii &#8211; aprobate JJIF.<\/p>\n<p>Caracteristici:<\/p>\n<ul>\n<li>Ap\u0103r\u0103tori de m\u00e2n\u0103 pentru competi\u021bii de jiu-jitsu<\/li>\n<li>Pielea sintetic\u0103 durabil\u0103 rezist\u0103 la sarcini mari<\/li>\n<li>F\u0103r\u0103 \u00eenchidere cu velcro, previne abraziunile \u0219i rupturile \u00een timpul luptelor<\/li>\n<li>Aprobat JJIF (aprobat pentru toate turneele de jiu-jitsu JJIF)<\/li>\n<li>Disponibil \u00een m\u0103rimile XS (pentru lupt\u0103tori cu v\u00e2rsta cuprins\u0103 \u00eentre 10-12 ani) p\u00e2n\u0103 la XL<\/li>\n<\/ul>\n","protected":false},"excerpt":{"rendered":"<p>Ap\u0103r\u0103tori de m\u00e2n\u0103 de \u00eenalt\u0103 calitate, ideale pentru competi\u021bii! Construc\u021bie durabil\u0103, curea elastic\u0103 pentru \u00eencheietura m\u00e2inii (f\u0103r\u0103 \u00eenchidere cu velcro),<\/p>\n","protected":false},"featured_media":37884,"comment_status":"open","ping_status":"closed","template":"","meta":[],"product_brand":[],"product_cat":[801,804],"product_tag":[],"class_list":{"0":"post-37892","1":"product","2":"type-product","3":"status-publish","4":"has-post-thumbnail","6":"product_cat-adidas-ju-jutsu","7":"product_cat-echipament-protectie-7","9":"first","10":"instock","11":"shipping-taxable","12":"purchasable","13":"product-type-variable"},"_links":{"self":[{"href":"https:\/\/adidascombat.md\/ro\/wp-json\/wp\/v2\/product\/37892","targetHints":{"allow":["GET"]}}],"collection":[{"href":"https:\/\/adidascombat.md\/ro\/wp-json\/wp\/v2\/product"}],"about":[{"href":"https:\/\/adidascombat.md\/ro\/wp-json\/wp\/v2\/types\/product"}],"replies":[{"embeddable":true,"href":"https:\/\/adidascombat.md\/ro\/wp-json\/wp\/v2\/comments?post=37892"}],"version-history":[{"count":2,"href":"https:\/\/adidascombat.md\/ro\/wp-json\/wp\/v2\/product\/37892\/revisions"}],"predecessor-version":[{"id":37899,"href":"https:\/\/adidascombat.md\/ro\/wp-json\/wp\/v2\/product\/37892\/revisions\/37899"}],"wp:featuredmedia":[{"embeddable":true,"href":"https:\/\/adidascombat.md\/ro\/wp-json\/wp\/v2\/media\/37884"}],"wp:attachment":[{"href":"https:\/\/adidascombat.md\/ro\/wp-json\/wp\/v2\/media?parent=37892"}],"wp:term":[{"taxonomy":"product_brand","embeddable":true,"href":"https:\/\/adidascombat.md\/ro\/wp-json\/wp\/v2\/product_brand?post=37892"},{"taxonomy":"product_cat","embeddable":true,"href":"https:\/\/adidascombat.md\/ro\/wp-json\/wp\/v2\/product_cat?post=37892"},{"taxonomy":"product_tag","embeddable":true,"href":"https:\/\/adidascombat.md\/ro\/wp-json\/wp\/v2\/product_tag?post=37892"}],"curies":[{"name":"wp","href":"https:\/\/api.w.org\/{rel}","templated":true}]}}